{"id":40,"date":"2011-06-16T13:44:40","date_gmt":"2011-06-16T13:44:40","guid":{"rendered":"http:\/\/www.verbund-frauenfacheinrichtungen-kiel.de\/?page_id=40"},"modified":"2011-08-23T16:28:57","modified_gmt":"2011-08-23T16:28:57","slug":"psychosoziale-frauenberatung-donna-klara","status":"publish","type":"page","link":"https:\/\/www.verbund-frauenfacheinrichtungen-kiel.de\/?page_id=40","title":{"rendered":"Psychosoziale Frauenberatung donna klara e.V."},"content":{"rendered":"<p><a href=\"http:\/\/www.donna-klara.de\/\" target=\"_blank\"><img loading=\"lazy\" decoding=\"async\" class=\"alignright size-full wp-image-146\" title=\"Psychosoziale Frauenberatung donna klara e.V.\" src=\"https:\/\/www.verbund-frauenfacheinrichtungen-kiel.de\/wp-content\/uploads\/2011\/06\/donna-klara.gif\" alt=\"Psychosoziale Frauenberatung donna klara e.V.\" width=\"240\" height=\"146\" \/><\/a>Goethestra\u00dfe 9<br \/>\n24116 Kiel<br \/>\nTEL: 0431\/ 557 934 4<br \/>\nFAX: 0431 &#8211; 55 799 83<br \/>\n<a title=\"Psychosoziale Frauenberatung donna klara e.V.\" href=\"http:\/\/www.donna-klara.de\/\" target=\"_blank\">www.donna-klara.de<\/a><br \/>\neMail: <a href=\"psychosozial@donnaklara.de\">psychosozial@donnaklara.de<\/a><\/p>\n<p>&nbsp;<\/p>\n<p>Unser Beratungsangebot richtet sich an Frauen mit psychischen Problemen.<\/p>\n<p>Wir entwickeln mit ratsuchenden Frauen Wege zur Bew\u00e4ltigung innerer Not und zur Ver\u00e4nderung belastender Lebensumst\u00e4nde.<\/p>\n<p>Daf\u00fcr bieten wir einmalige Informations- oder Kl\u00e4rungsgespr\u00e4che, psychologische Kurzberatungen und Gespr\u00e4chsreihen an. F\u00fcr lesbische Frauen besteht die M\u00f6glichkeit der Paarberatung.<\/p>\n<p>&nbsp;<\/p>\n<h3>Informations- und Beratungsangebot<\/h3>\n<ul>\n<li>f\u00fcr Frauen mit Lebensproblemen oder in einer Lebenskrise (z.B. bei Beziehungsproblemen, Verlusterfahrungen, Krankheit, Arbeitsplatzverlust)<\/li>\n<li>bei psychischen Symptomen, wie z.B. Angstzust\u00e4nden, depressiven Stimmungen, Selbstwertproblemen, chronischer Ersch\u00f6pfung\/burn-out<\/li>\n<li>f\u00fcr lesbische Frauen, die in ihrer Lebensweise Unterst\u00fctzung suchen, z.B. bei Diskriminierungs- und Gewalterfahrungen, Coming-out Fragen, Beziehungs- und famili\u00e4ren Problemen<\/li>\n<li>bei Fragen zu psychotherapeutischen Behandlungsm\u00f6glichkeiten und anderen Formen der Unterst\u00fctzung<\/li>\n<\/ul>\n<p>&nbsp;<\/p>\n<h3>Weitere Angebote<\/h3>\n<ul>\n<li>Psychosoziale Betreuung f\u00fcr erwerbslose Frauen (nach \u00a716,2 Ziff.3 SGBII)<\/li>\n<li>\u201eMut tut gut!\u201c \u2013 ein psychosoziales Gesundheitstraining f\u00fcr erwerbslose Frauen<\/li>\n<li>Fortbildungsangebote f\u00fcr Fachfrauen<\/li>\n<li>Landesweite Lesbenarbeit<\/li>\n<\/ul>\n<p>&nbsp;<\/p>\n<h3>Der Verein ist Mitglied im<\/h3>\n<ul>\n<li>Parit\u00e4tischen Wohlfahrtsverband Schleswig-Holstein<\/li>\n<li>AKF e.V. \u2013 Arbeitskreis Frauengesundheit in Medizin, Psychotherapie und Gesellschaft<\/li>\n<\/ul>\n","protected":false},"excerpt":{"rendered":"<p>Goethestra\u00dfe 9 24116 Kiel TEL: 0431\/ 557 934 4 FAX: 0431 &#8211; 55 799 83 www.donna-klara.de eMail: psychosozial@donnaklara.de &nbsp; Unser Beratungsangebot richtet sich an Frauen mit psychischen Problemen. Wir entwickeln mit ratsuchenden Frauen Wege zur Bew\u00e4ltigung innerer Not und zur &hellip; <a href=\"https:\/\/www.verbund-frauenfacheinrichtungen-kiel.de\/?page_id=40\">Weiterlesen <span class=\"meta-nav\">&rarr;<\/span><\/a><\/p>\n","protected":false},"author":1,"featured_media":0,"parent":2,"menu_order":9,"comment_status":"closed","ping_status":"closed","template":"","meta":{"footnotes":""},"class_list":["post-40","page","type-page","status-publish","hentry"],"_links":{"self":[{"href":"https:\/\/www.verbund-frauenfacheinrichtungen-kiel.de\/index.php?rest_route=\/wp\/v2\/pages\/40","targetHints":{"allow":["GET"]}}],"collection":[{"href":"https:\/\/www.verbund-frauenfacheinrichtungen-kiel.de\/index.php?rest_route=\/wp\/v2\/pages"}],"about":[{"href":"https:\/\/www.verbund-frauenfacheinrichtungen-kiel.de\/index.php?rest_route=\/wp\/v2\/types\/page"}],"author":[{"embeddable":true,"href":"https:\/\/www.verbund-frauenfacheinrichtungen-kiel.de\/index.php?rest_route=\/wp\/v2\/users\/1"}],"replies":[{"embeddable":true,"href":"https:\/\/www.verbund-frauenfacheinrichtungen-kiel.de\/index.php?rest_route=%2Fwp%2Fv2%2Fcomments&post=40"}],"version-history":[{"count":8,"href":"https:\/\/www.verbund-frauenfacheinrichtungen-kiel.de\/index.php?rest_route=\/wp\/v2\/pages\/40\/revisions"}],"predecessor-version":[{"id":145,"href":"https:\/\/www.verbund-frauenfacheinrichtungen-kiel.de\/index.php?rest_route=\/wp\/v2\/pages\/40\/revisions\/145"}],"up":[{"embeddable":true,"href":"https:\/\/www.verbund-frauenfacheinrichtungen-kiel.de\/index.php?rest_route=\/wp\/v2\/pages\/2"}],"wp:attachment":[{"href":"https:\/\/www.verbund-frauenfacheinrichtungen-kiel.de\/index.php?rest_route=%2Fwp%2Fv2%2Fmedia&parent=40"}],"curies":[{"name":"wp","href":"https:\/\/api.w.org\/{rel}","templated":true}]}}